{"id":6291,"date":"2026-02-26T12:17:39","date_gmt":"2026-02-26T17:17:39","guid":{"rendered":"https:\/\/fosfeminista.org\/?post_type=person&#038;p=6291"},"modified":"2026-02-26T12:17:39","modified_gmt":"2026-02-26T17:17:39","slug":"rebecca-fries","status":"publish","type":"person","link":"https:\/\/fosfeminista.org\/fr\/people\/rebecca-fries\/","title":{"rendered":"Rebecca Fries"},"template":"","class_list":["post-6291","person","type-person","status-publish","has-post-thumbnail","hentry","person_type-board-of-directors"],"acf":{"details":{"first_name":"","last_name":"","title":"Directeur","pronouns":"she\/her\/hers","location":"Canada","person_type":[5],"headshot":6308,"helper_social_links":null},"page_layout":[{"acf_fc_layout":"layout_hero_person","_acfe_flexible_toggle":null,"component_hero_person":{"":null,"image_background_color":"a3","anchor_id":""}},{"acf_fc_layout":"layout_wysiwyg","_acfe_flexible_toggle":null,"component_wysiwyg":{"content":"<p data-ccp-border-bottom=\"0px none #e5e7eb\" data-ccp-padding-bottom=\"0px\" data-ccp-border-between=\"0px none #e5e7eb\" data-ccp-padding-between=\"0px\"><span data-contrast=\"auto\">En tant que PDG et cofondatrice de Value for Women, Rebecca a \u00e9t\u00e9 le fer de lance de la croissance de l'organisation, qui est devenue un leader mondialement reconnu dans le domaine des pratiques commerciales int\u00e9grant la dimension de genre. Avec plus de 20 ans d'expertise mondiale, Rebecca dirige Value for Women dans ses efforts pour concevoir des produits et des m\u00e9thodes innovants en mati\u00e8re d'int\u00e9gration de la dimension de genre, en travaillant main dans la main avec des investisseurs, des petites et moyennes entreprises, des banques, des institutions financi\u00e8res, des organisations de d\u00e9veloppement et des fondations d'entreprise.<\/span><span data-ccp-props=\"{&quot;335551550&quot;:6,&quot;335551620&quot;:6,&quot;335557856&quot;:16777215,&quot;335559739&quot;:240,&quot;335572071&quot;:0,&quot;335572072&quot;:0,&quot;335572073&quot;:15460325,&quot;335572075&quot;:0,&quot;335572076&quot;:0,&quot;335572077&quot;:15460325,&quot;335572079&quot;:0,&quot;335572080&quot;:0,&quot;335572081&quot;:15460325,&quot;335572083&quot;:0,&quot;335572084&quot;:0,&quot;335572085&quot;:15460325,&quot;335572087&quot;:0,&quot;335572088&quot;:0,&quot;335572089&quot;:15460325,&quot;469789798&quot;:&quot;none&quot;,&quot;469789802&quot;:&quot;none&quot;,&quot;469789806&quot;:&quot;none&quot;,&quot;469789810&quot;:&quot;none&quot;,&quot;469789814&quot;:&quot;none&quot;}\">\u00a0<\/span><\/p>\r\n<p data-ccp-border-bottom=\"0px none #e5e7eb\" data-ccp-padding-bottom=\"0px\" data-ccp-border-between=\"0px none #e5e7eb\" data-ccp-padding-between=\"0px\"><span data-contrast=\"auto\">Auparavant, en tant que conseill\u00e8re en mati\u00e8re de genre et gestionnaire de programme \u00e0 Oxfam Grande-Bretagne, Rebeca a dirig\u00e9 des programmes visant \u00e0 promouvoir les droits des femmes et le leadership \u00e9conomique en Am\u00e9rique latine. Elle a notamment co\u00e9crit le cadre de leadership \u00e9conomique des femmes d'Oxfam et men\u00e9 des recherches sur la justice en mati\u00e8re de genre et la pr\u00e9vention de la violence. Elle a \u00e9galement acquis une grande exp\u00e9rience en travaillant directement avec des refuges pour femmes, des collectifs de d\u00e9fense et des organisations de d\u00e9fense des droits g\u00e9n\u00e9siques au Canada.<\/span><span data-ccp-props=\"{&quot;335551550&quot;:6,&quot;335551620&quot;:6,&quot;335557856&quot;:16777215,&quot;335559739&quot;:240,&quot;335572071&quot;:0,&quot;335572072&quot;:0,&quot;335572073&quot;:15460325,&quot;335572075&quot;:0,&quot;335572076&quot;:0,&quot;335572077&quot;:15460325,&quot;335572079&quot;:0,&quot;335572080&quot;:0,&quot;335572081&quot;:15460325,&quot;335572083&quot;:0,&quot;335572084&quot;:0,&quot;335572085&quot;:15460325,&quot;335572087&quot;:0,&quot;335572088&quot;:0,&quot;335572089&quot;:15460325,&quot;469789798&quot;:&quot;none&quot;,&quot;469789802&quot;:&quot;none&quot;,&quot;469789806&quot;:&quot;none&quot;,&quot;469789810&quot;:&quot;none&quot;,&quot;469789814&quot;:&quot;none&quot;}\">\u00a0<\/span><\/p>\r\n<p data-ccp-border-bottom=\"0px none #e5e7eb\" data-ccp-padding-bottom=\"0px\" data-ccp-border-between=\"0px none #e5e7eb\" data-ccp-padding-between=\"0px\"><span data-contrast=\"auto\">Rebecca a \u00e9galement r\u00e9dig\u00e9 et dirig\u00e9 des recherches sur l'intersection du genre, de l'investissement, de l'entreprenariat et du d\u00e9veloppement \u00e9conomique dans des secteurs tels que l'\u00e9nergie durable, la finance, l'agriculture et l'entreprenariat. Rebecca est fr\u00e9quemment invit\u00e9e \u00e0 s'exprimer en tant qu'experte du secteur en Asie, en Afrique et dans les Am\u00e9riques.<\/span><span data-ccp-props=\"{&quot;335551550&quot;:6,&quot;335551620&quot;:6,&quot;335557856&quot;:16777215,&quot;335559739&quot;:240,&quot;335572071&quot;:0,&quot;335572072&quot;:0,&quot;335572073&quot;:15460325,&quot;335572075&quot;:0,&quot;335572076&quot;:0,&quot;335572077&quot;:15460325,&quot;335572079&quot;:0,&quot;335572080&quot;:0,&quot;335572081&quot;:15460325,&quot;335572083&quot;:0,&quot;335572084&quot;:0,&quot;335572085&quot;:15460325,&quot;335572087&quot;:0,&quot;335572088&quot;:0,&quot;335572089&quot;:15460325,&quot;469789798&quot;:&quot;none&quot;,&quot;469789802&quot;:&quot;none&quot;,&quot;469789806&quot;:&quot;none&quot;,&quot;469789810&quot;:&quot;none&quot;,&quot;469789814&quot;:&quot;none&quot;}\">\u00a0<\/span><\/p>\r\n<p data-ccp-border-bottom=\"0px none #e5e7eb\" data-ccp-padding-bottom=\"0px\" data-ccp-border-between=\"0px none #e5e7eb\" data-ccp-padding-between=\"0px\"><span data-contrast=\"auto\">Rebecca collabore avec F\u00f2s Feminista en tant que membre du comit\u00e9 de mobilisation des ressources (2020-2025) et du comit\u00e9 Finance &amp; Investissement, y compris le sous-comit\u00e9 du Feminist Impact fund (depuis 2023). Elle a \u00e9t\u00e9 \u00e9lue au conseil d'administration de F\u00f2s Feminista en d\u00e9cembre 2025 et nomm\u00e9e copr\u00e9sidente du comit\u00e9 d'audit et de veille des risques.<\/span><span data-ccp-props=\"{&quot;335557856&quot;:16777215,&quot;335572071&quot;:0,&quot;335572072&quot;:0,&quot;335572073&quot;:15460325,&quot;335572075&quot;:0,&quot;335572076&quot;:0,&quot;335572077&quot;:15460325,&quot;335572079&quot;:0,&quot;335572080&quot;:0,&quot;335572081&quot;:15460325,&quot;335572083&quot;:0,&quot;335572084&quot;:0,&quot;335572085&quot;:15460325,&quot;335572087&quot;:0,&quot;335572088&quot;:0,&quot;335572089&quot;:15460325,&quot;469789798&quot;:&quot;none&quot;,&quot;469789802&quot;:&quot;none&quot;,&quot;469789806&quot;:&quot;none&quot;,&quot;469789810&quot;:&quot;none&quot;,&quot;469789814&quot;:&quot;none&quot;}\">\u00a0<\/span><\/p>","":null,"anchor_id":""}}]},"yoast_head":"<!-- This site is optimized with the Yoast SEO plugin v27.3 - https:\/\/yoast.com\/product\/yoast-seo-wordpress\/ -->\n<title>Rebecca Fries - F\u00f2s Feminista<\/title>\n<meta name=\"robots\" content=\"index, follow, max-snippet:-1, max-image-preview:large, max-video-preview:-1\" \/>\n<link rel=\"canonical\" href=\"https:\/\/fosfeminista.org\/fr\/people\/rebecca-fries\/\" \/>\n<meta property=\"og:locale\" content=\"fr_FR\" \/>\n<meta property=\"og:type\" content=\"article\" \/>\n<meta property=\"og:title\" content=\"Rebecca Fries - F\u00f2s Feminista\" \/>\n<meta property=\"og:url\" content=\"https:\/\/fosfeminista.org\/fr\/people\/rebecca-fries\/\" \/>\n<meta property=\"og:site_name\" content=\"F\u00f2s Feminista\" \/>\n<meta property=\"og:image\" content=\"https:\/\/fosfeminista.org\/wp-content\/uploads\/2026\/02\/Rebecca-Fries.png\" \/>\n\t<meta property=\"og:image:width\" content=\"540\" \/>\n\t<meta property=\"og:image:height\" content=\"540\" \/>\n\t<meta property=\"og:image:type\" content=\"image\/png\" \/>\n<meta name=\"twitter:card\" content=\"summary_large_image\" \/>\n<script type=\"application\/ld+json\" class=\"yoast-schema-graph\">{\"@context\":\"https:\\\/\\\/schema.org\",\"@graph\":[{\"@type\":\"WebPage\",\"@id\":\"https:\\\/\\\/fosfeminista.org\\\/people\\\/rebecca-fries\\\/\",\"url\":\"https:\\\/\\\/fosfeminista.org\\\/people\\\/rebecca-fries\\\/\",\"name\":\"Rebecca Fries - F\u00f2s Feminista\",\"isPartOf\":{\"@id\":\"https:\\\/\\\/fosfeminista.org\\\/#website\"},\"primaryImageOfPage\":{\"@id\":\"https:\\\/\\\/fosfeminista.org\\\/people\\\/rebecca-fries\\\/#primaryimage\"},\"image\":{\"@id\":\"https:\\\/\\\/fosfeminista.org\\\/people\\\/rebecca-fries\\\/#primaryimage\"},\"thumbnailUrl\":\"https:\\\/\\\/fosfeminista.org\\\/wp-content\\\/uploads\\\/2026\\\/02\\\/Rebecca-Fries.png\",\"datePublished\":\"2026-02-26T17:17:39+00:00\",\"breadcrumb\":{\"@id\":\"https:\\\/\\\/fosfeminista.org\\\/people\\\/rebecca-fries\\\/#breadcrumb\"},\"inLanguage\":\"fr-FR\",\"potentialAction\":[{\"@type\":\"ReadAction\",\"target\":[\"https:\\\/\\\/fosfeminista.org\\\/people\\\/rebecca-fries\\\/\"]}]},{\"@type\":\"ImageObject\",\"inLanguage\":\"fr-FR\",\"@id\":\"https:\\\/\\\/fosfeminista.org\\\/people\\\/rebecca-fries\\\/#primaryimage\",\"url\":\"https:\\\/\\\/fosfeminista.org\\\/wp-content\\\/uploads\\\/2026\\\/02\\\/Rebecca-Fries.png\",\"contentUrl\":\"https:\\\/\\\/fosfeminista.org\\\/wp-content\\\/uploads\\\/2026\\\/02\\\/Rebecca-Fries.png\",\"width\":540,\"height\":540},{\"@type\":\"BreadcrumbList\",\"@id\":\"https:\\\/\\\/fosfeminista.org\\\/people\\\/rebecca-fries\\\/#breadcrumb\",\"itemListElement\":[{\"@type\":\"ListItem\",\"position\":1,\"name\":\"Home\",\"item\":\"https:\\\/\\\/fosfeminista.org\\\/\"},{\"@type\":\"ListItem\",\"position\":2,\"name\":\"Rebecca Fries\"}]},{\"@type\":\"WebSite\",\"@id\":\"https:\\\/\\\/fosfeminista.org\\\/#website\",\"url\":\"https:\\\/\\\/fosfeminista.org\\\/\",\"name\":\"F\u00f2s Feminista\",\"description\":\"\",\"potentialAction\":[{\"@type\":\"SearchAction\",\"target\":{\"@type\":\"EntryPoint\",\"urlTemplate\":\"https:\\\/\\\/fosfeminista.org\\\/?s={search_term_string}\"},\"query-input\":{\"@type\":\"PropertyValueSpecification\",\"valueRequired\":true,\"valueName\":\"search_term_string\"}}],\"inLanguage\":\"fr-FR\"}]}<\/script>\n<!-- \/ Yoast SEO plugin. -->","yoast_head_json":{"title":"Rebecca Fries - F\u00f2s Feminista","robots":{"index":"index","follow":"follow","max-snippet":"max-snippet:-1","max-image-preview":"max-image-preview:large","max-video-preview":"max-video-preview:-1"},"canonical":"https:\/\/fosfeminista.org\/fr\/people\/rebecca-fries\/","og_locale":"fr_FR","og_type":"article","og_title":"Rebecca Fries - F\u00f2s Feminista","og_url":"https:\/\/fosfeminista.org\/fr\/people\/rebecca-fries\/","og_site_name":"F\u00f2s Feminista","og_image":[{"width":540,"height":540,"url":"https:\/\/fosfeminista.org\/wp-content\/uploads\/2026\/02\/Rebecca-Fries.png","type":"image\/png"}],"twitter_card":"summary_large_image","schema":{"@context":"https:\/\/schema.org","@graph":[{"@type":"WebPage","@id":"https:\/\/fosfeminista.org\/people\/rebecca-fries\/","url":"https:\/\/fosfeminista.org\/people\/rebecca-fries\/","name":"Rebecca Fries - F\u00f2s Feminista","isPartOf":{"@id":"https:\/\/fosfeminista.org\/#website"},"primaryImageOfPage":{"@id":"https:\/\/fosfeminista.org\/people\/rebecca-fries\/#primaryimage"},"image":{"@id":"https:\/\/fosfeminista.org\/people\/rebecca-fries\/#primaryimage"},"thumbnailUrl":"https:\/\/fosfeminista.org\/wp-content\/uploads\/2026\/02\/Rebecca-Fries.png","datePublished":"2026-02-26T17:17:39+00:00","breadcrumb":{"@id":"https:\/\/fosfeminista.org\/people\/rebecca-fries\/#breadcrumb"},"inLanguage":"fr-FR","potentialAction":[{"@type":"ReadAction","target":["https:\/\/fosfeminista.org\/people\/rebecca-fries\/"]}]},{"@type":"ImageObject","inLanguage":"fr-FR","@id":"https:\/\/fosfeminista.org\/people\/rebecca-fries\/#primaryimage","url":"https:\/\/fosfeminista.org\/wp-content\/uploads\/2026\/02\/Rebecca-Fries.png","contentUrl":"https:\/\/fosfeminista.org\/wp-content\/uploads\/2026\/02\/Rebecca-Fries.png","width":540,"height":540},{"@type":"BreadcrumbList","@id":"https:\/\/fosfeminista.org\/people\/rebecca-fries\/#breadcrumb","itemListElement":[{"@type":"ListItem","position":1,"name":"Home","item":"https:\/\/fosfeminista.org\/"},{"@type":"ListItem","position":2,"name":"Rebecca Fries"}]},{"@type":"WebSite","@id":"https:\/\/fosfeminista.org\/#website","url":"https:\/\/fosfeminista.org\/","name":"F\u00f2s Feminista","description":"","potentialAction":[{"@type":"SearchAction","target":{"@type":"EntryPoint","urlTemplate":"https:\/\/fosfeminista.org\/?s={search_term_string}"},"query-input":{"@type":"PropertyValueSpecification","valueRequired":true,"valueName":"search_term_string"}}],"inLanguage":"fr-FR"}]}},"_links":{"self":[{"href":"https:\/\/fosfeminista.org\/fr\/wp-json\/wp\/v2\/person\/6291","targetHints":{"allow":["GET"]}}],"collection":[{"href":"https:\/\/fosfeminista.org\/fr\/wp-json\/wp\/v2\/person"}],"about":[{"href":"https:\/\/fosfeminista.org\/fr\/wp-json\/wp\/v2\/types\/person"}],"version-history":[{"count":3,"href":"https:\/\/fosfeminista.org\/fr\/wp-json\/wp\/v2\/person\/6291\/revisions"}],"predecessor-version":[{"id":6310,"href":"https:\/\/fosfeminista.org\/fr\/wp-json\/wp\/v2\/person\/6291\/revisions\/6310"}],"wp:featuredmedia":[{"embeddable":true,"href":"https:\/\/fosfeminista.org\/fr\/wp-json\/wp\/v2\/media\/6308"}],"wp:attachment":[{"href":"https:\/\/fosfeminista.org\/fr\/wp-json\/wp\/v2\/media?parent=6291"}],"curies":[{"name":"wp","href":"https:\/\/api.w.org\/{rel}","templated":true}]}}