{"id":6291,"date":"2026-02-26T12:17:39","date_gmt":"2026-02-26T17:17:39","guid":{"rendered":"https:\/\/fosfeminista.org\/?post_type=person&#038;p=6291"},"modified":"2026-02-26T12:17:39","modified_gmt":"2026-02-26T17:17:39","slug":"rebecca-fries","status":"publish","type":"person","link":"https:\/\/fosfeminista.org\/es\/people\/rebecca-fries\/","title":{"rendered":"Rebecca Fries"},"template":"","class_list":["post-6291","person","type-person","status-publish","has-post-thumbnail","hentry","person_type-board-of-directors"],"acf":{"details":{"first_name":"","last_name":"","title":"Director","pronouns":"she\/her\/hers","location":"Canada","person_type":[5],"headshot":6308,"helper_social_links":null},"page_layout":[{"acf_fc_layout":"layout_hero_person","_acfe_flexible_toggle":null,"component_hero_person":{"":null,"image_background_color":"a3","anchor_id":""}},{"acf_fc_layout":"layout_wysiwyg","_acfe_flexible_toggle":null,"component_wysiwyg":{"content":"<p data-ccp-border-bottom=\"0px none #e5e7eb\" data-ccp-padding-bottom=\"0px\" data-ccp-border-between=\"0px none #e5e7eb\" data-ccp-padding-between=\"0px\"><span data-contrast=\"auto\">Como directora ejecutiva y cofundadora de Value for Women, Rebecca ha liderado el crecimiento de la organizaci\u00f3n hasta convertirla en una referencia mundialmente reconocida en pr\u00e1cticas empresariales inclusivas en materia de g\u00e9nero. Con m\u00e1s de 20 a\u00f1os de experiencia internacional, Rebecca dirige Value for Women en su labor de dise\u00f1ar productos y m\u00e9todos innovadores que promuevan la inclusi\u00f3n de g\u00e9nero, trabajando codo con codo con inversionistas, peque\u00f1as y medianas empresas, bancos, instituciones financieras, organizaciones de desarrollo y fundaciones corporativas.<\/span><span data-ccp-props=\"{&quot;335551550&quot;:6,&quot;335551620&quot;:6,&quot;335557856&quot;:16777215,&quot;335559739&quot;:240,&quot;335572071&quot;:0,&quot;335572072&quot;:0,&quot;335572073&quot;:15460325,&quot;335572075&quot;:0,&quot;335572076&quot;:0,&quot;335572077&quot;:15460325,&quot;335572079&quot;:0,&quot;335572080&quot;:0,&quot;335572081&quot;:15460325,&quot;335572083&quot;:0,&quot;335572084&quot;:0,&quot;335572085&quot;:15460325,&quot;335572087&quot;:0,&quot;335572088&quot;:0,&quot;335572089&quot;:15460325,&quot;469789798&quot;:&quot;none&quot;,&quot;469789802&quot;:&quot;none&quot;,&quot;469789806&quot;:&quot;none&quot;,&quot;469789810&quot;:&quot;none&quot;,&quot;469789814&quot;:&quot;none&quot;}\">\u00a0<\/span><\/p>\r\n<p data-ccp-border-bottom=\"0px none #e5e7eb\" data-ccp-padding-bottom=\"0px\" data-ccp-border-between=\"0px none #e5e7eb\" data-ccp-padding-between=\"0px\"><span data-contrast=\"auto\">Anteriormente, como asesora de g\u00e9nero y directora de programas en Oxfam Gran Breta\u00f1a, Rebeca dirigi\u00f3 programas para promover los derechos de las mujeres y el liderazgo econ\u00f3mico en toda Am\u00e9rica Latina, entre los que se incluyen la coautor\u00eda del Marco de Liderazgo Econ\u00f3mico de las Mujeres de Oxfam y la realizaci\u00f3n de investigaciones sobre la justicia de g\u00e9nero y la prevenci\u00f3n de la violencia. Tambi\u00e9n aporta una amplia experiencia trabajando directamente con refugios para mujeres, colectivos de defensa y organizaciones de derechos reproductivos en Canad\u00e1.<\/span><span data-ccp-props=\"{&quot;335551550&quot;:6,&quot;335551620&quot;:6,&quot;335557856&quot;:16777215,&quot;335559739&quot;:240,&quot;335572071&quot;:0,&quot;335572072&quot;:0,&quot;335572073&quot;:15460325,&quot;335572075&quot;:0,&quot;335572076&quot;:0,&quot;335572077&quot;:15460325,&quot;335572079&quot;:0,&quot;335572080&quot;:0,&quot;335572081&quot;:15460325,&quot;335572083&quot;:0,&quot;335572084&quot;:0,&quot;335572085&quot;:15460325,&quot;335572087&quot;:0,&quot;335572088&quot;:0,&quot;335572089&quot;:15460325,&quot;469789798&quot;:&quot;none&quot;,&quot;469789802&quot;:&quot;none&quot;,&quot;469789806&quot;:&quot;none&quot;,&quot;469789810&quot;:&quot;none&quot;,&quot;469789814&quot;:&quot;none&quot;}\">\u00a0<\/span><\/p>\r\n<p data-ccp-border-bottom=\"0px none #e5e7eb\" data-ccp-padding-bottom=\"0px\" data-ccp-border-between=\"0px none #e5e7eb\" data-ccp-padding-between=\"0px\"><span data-contrast=\"auto\">Rebecca tambi\u00e9n ha sido autora y ha dirigido investigaciones que han cambiado el sector sobre la intersecci\u00f3n entre g\u00e9nero, inversi\u00f3n, emprendimiento y desarrollo econ\u00f3mico en sectores como la energ\u00eda sostenible, las finanzas, la agricultura y el emprendimiento. Rebecca es invitada con frecuencia a dar conferencias como experta en el sector en Asia, \u00c1frica y Am\u00e9rica.<\/span><span data-ccp-props=\"{&quot;335551550&quot;:6,&quot;335551620&quot;:6,&quot;335557856&quot;:16777215,&quot;335559739&quot;:240,&quot;335572071&quot;:0,&quot;335572072&quot;:0,&quot;335572073&quot;:15460325,&quot;335572075&quot;:0,&quot;335572076&quot;:0,&quot;335572077&quot;:15460325,&quot;335572079&quot;:0,&quot;335572080&quot;:0,&quot;335572081&quot;:15460325,&quot;335572083&quot;:0,&quot;335572084&quot;:0,&quot;335572085&quot;:15460325,&quot;335572087&quot;:0,&quot;335572088&quot;:0,&quot;335572089&quot;:15460325,&quot;469789798&quot;:&quot;none&quot;,&quot;469789802&quot;:&quot;none&quot;,&quot;469789806&quot;:&quot;none&quot;,&quot;469789810&quot;:&quot;none&quot;,&quot;469789814&quot;:&quot;none&quot;}\">\u00a0<\/span><\/p>\r\n<p data-ccp-border-bottom=\"0px none #e5e7eb\" data-ccp-padding-bottom=\"0px\" data-ccp-border-between=\"0px none #e5e7eb\" data-ccp-padding-between=\"0px\"><span data-contrast=\"auto\">Rebecca ha colaborado con F\u00f2s Feminista como miembro del comit\u00e9 de Movilizaci\u00f3n de Recursos (2020-2025) y del comit\u00e9 de Finanzas e Inversiones, incluido el subcomit\u00e9 del Fondo de Impacto Feminista (desde 2023). Fue elegida miembro de la Junta Directiva de F\u00f2s Feminista en diciembre de 2025 y nombrada copresidenta del Comit\u00e9 de Auditor\u00eda e Inteligencia de Riesgos.<\/span><span data-ccp-props=\"{&quot;335557856&quot;:16777215,&quot;335572071&quot;:0,&quot;335572072&quot;:0,&quot;335572073&quot;:15460325,&quot;335572075&quot;:0,&quot;335572076&quot;:0,&quot;335572077&quot;:15460325,&quot;335572079&quot;:0,&quot;335572080&quot;:0,&quot;335572081&quot;:15460325,&quot;335572083&quot;:0,&quot;335572084&quot;:0,&quot;335572085&quot;:15460325,&quot;335572087&quot;:0,&quot;335572088&quot;:0,&quot;335572089&quot;:15460325,&quot;469789798&quot;:&quot;none&quot;,&quot;469789802&quot;:&quot;none&quot;,&quot;469789806&quot;:&quot;none&quot;,&quot;469789810&quot;:&quot;none&quot;,&quot;469789814&quot;:&quot;none&quot;}\">\u00a0<\/span><\/p>","":null,"anchor_id":""}}]},"yoast_head":"<!-- This site is optimized with the Yoast SEO plugin v27.3 - https:\/\/yoast.com\/product\/yoast-seo-wordpress\/ -->\n<title>Rebecca Fries - F\u00f2s Feminista<\/title>\n<meta name=\"robots\" content=\"index, follow, max-snippet:-1, max-image-preview:large, max-video-preview:-1\" \/>\n<link rel=\"canonical\" href=\"https:\/\/fosfeminista.org\/es\/people\/rebecca-fries\/\" \/>\n<meta property=\"og:locale\" content=\"es_MX\" \/>\n<meta property=\"og:type\" content=\"article\" \/>\n<meta property=\"og:title\" content=\"Rebecca Fries - F\u00f2s Feminista\" \/>\n<meta property=\"og:url\" content=\"https:\/\/fosfeminista.org\/es\/people\/rebecca-fries\/\" \/>\n<meta property=\"og:site_name\" content=\"F\u00f2s Feminista\" \/>\n<meta property=\"og:image\" content=\"https:\/\/fosfeminista.org\/wp-content\/uploads\/2026\/02\/Rebecca-Fries.png\" \/>\n\t<meta property=\"og:image:width\" content=\"540\" \/>\n\t<meta property=\"og:image:height\" content=\"540\" \/>\n\t<meta property=\"og:image:type\" content=\"image\/png\" \/>\n<meta name=\"twitter:card\" content=\"summary_large_image\" \/>\n<script type=\"application\/ld+json\" class=\"yoast-schema-graph\">{\"@context\":\"https:\\\/\\\/schema.org\",\"@graph\":[{\"@type\":\"WebPage\",\"@id\":\"https:\\\/\\\/fosfeminista.org\\\/people\\\/rebecca-fries\\\/\",\"url\":\"https:\\\/\\\/fosfeminista.org\\\/people\\\/rebecca-fries\\\/\",\"name\":\"Rebecca Fries - F\u00f2s Feminista\",\"isPartOf\":{\"@id\":\"https:\\\/\\\/fosfeminista.org\\\/#website\"},\"primaryImageOfPage\":{\"@id\":\"https:\\\/\\\/fosfeminista.org\\\/people\\\/rebecca-fries\\\/#primaryimage\"},\"image\":{\"@id\":\"https:\\\/\\\/fosfeminista.org\\\/people\\\/rebecca-fries\\\/#primaryimage\"},\"thumbnailUrl\":\"https:\\\/\\\/fosfeminista.org\\\/wp-content\\\/uploads\\\/2026\\\/02\\\/Rebecca-Fries.png\",\"datePublished\":\"2026-02-26T17:17:39+00:00\",\"breadcrumb\":{\"@id\":\"https:\\\/\\\/fosfeminista.org\\\/people\\\/rebecca-fries\\\/#breadcrumb\"},\"inLanguage\":\"es\",\"potentialAction\":[{\"@type\":\"ReadAction\",\"target\":[\"https:\\\/\\\/fosfeminista.org\\\/people\\\/rebecca-fries\\\/\"]}]},{\"@type\":\"ImageObject\",\"inLanguage\":\"es\",\"@id\":\"https:\\\/\\\/fosfeminista.org\\\/people\\\/rebecca-fries\\\/#primaryimage\",\"url\":\"https:\\\/\\\/fosfeminista.org\\\/wp-content\\\/uploads\\\/2026\\\/02\\\/Rebecca-Fries.png\",\"contentUrl\":\"https:\\\/\\\/fosfeminista.org\\\/wp-content\\\/uploads\\\/2026\\\/02\\\/Rebecca-Fries.png\",\"width\":540,\"height\":540},{\"@type\":\"BreadcrumbList\",\"@id\":\"https:\\\/\\\/fosfeminista.org\\\/people\\\/rebecca-fries\\\/#breadcrumb\",\"itemListElement\":[{\"@type\":\"ListItem\",\"position\":1,\"name\":\"Home\",\"item\":\"https:\\\/\\\/fosfeminista.org\\\/\"},{\"@type\":\"ListItem\",\"position\":2,\"name\":\"Rebecca Fries\"}]},{\"@type\":\"WebSite\",\"@id\":\"https:\\\/\\\/fosfeminista.org\\\/#website\",\"url\":\"https:\\\/\\\/fosfeminista.org\\\/\",\"name\":\"F\u00f2s Feminista\",\"description\":\"\",\"potentialAction\":[{\"@type\":\"SearchAction\",\"target\":{\"@type\":\"EntryPoint\",\"urlTemplate\":\"https:\\\/\\\/fosfeminista.org\\\/?s={search_term_string}\"},\"query-input\":{\"@type\":\"PropertyValueSpecification\",\"valueRequired\":true,\"valueName\":\"search_term_string\"}}],\"inLanguage\":\"es\"}]}<\/script>\n<!-- \/ Yoast SEO plugin. -->","yoast_head_json":{"title":"Rebecca Fries - F\u00f2s Feminista","robots":{"index":"index","follow":"follow","max-snippet":"max-snippet:-1","max-image-preview":"max-image-preview:large","max-video-preview":"max-video-preview:-1"},"canonical":"https:\/\/fosfeminista.org\/es\/people\/rebecca-fries\/","og_locale":"es_MX","og_type":"article","og_title":"Rebecca Fries - F\u00f2s Feminista","og_url":"https:\/\/fosfeminista.org\/es\/people\/rebecca-fries\/","og_site_name":"F\u00f2s Feminista","og_image":[{"width":540,"height":540,"url":"https:\/\/fosfeminista.org\/wp-content\/uploads\/2026\/02\/Rebecca-Fries.png","type":"image\/png"}],"twitter_card":"summary_large_image","schema":{"@context":"https:\/\/schema.org","@graph":[{"@type":"WebPage","@id":"https:\/\/fosfeminista.org\/people\/rebecca-fries\/","url":"https:\/\/fosfeminista.org\/people\/rebecca-fries\/","name":"Rebecca Fries - F\u00f2s Feminista","isPartOf":{"@id":"https:\/\/fosfeminista.org\/#website"},"primaryImageOfPage":{"@id":"https:\/\/fosfeminista.org\/people\/rebecca-fries\/#primaryimage"},"image":{"@id":"https:\/\/fosfeminista.org\/people\/rebecca-fries\/#primaryimage"},"thumbnailUrl":"https:\/\/fosfeminista.org\/wp-content\/uploads\/2026\/02\/Rebecca-Fries.png","datePublished":"2026-02-26T17:17:39+00:00","breadcrumb":{"@id":"https:\/\/fosfeminista.org\/people\/rebecca-fries\/#breadcrumb"},"inLanguage":"es","potentialAction":[{"@type":"ReadAction","target":["https:\/\/fosfeminista.org\/people\/rebecca-fries\/"]}]},{"@type":"ImageObject","inLanguage":"es","@id":"https:\/\/fosfeminista.org\/people\/rebecca-fries\/#primaryimage","url":"https:\/\/fosfeminista.org\/wp-content\/uploads\/2026\/02\/Rebecca-Fries.png","contentUrl":"https:\/\/fosfeminista.org\/wp-content\/uploads\/2026\/02\/Rebecca-Fries.png","width":540,"height":540},{"@type":"BreadcrumbList","@id":"https:\/\/fosfeminista.org\/people\/rebecca-fries\/#breadcrumb","itemListElement":[{"@type":"ListItem","position":1,"name":"Home","item":"https:\/\/fosfeminista.org\/"},{"@type":"ListItem","position":2,"name":"Rebecca Fries"}]},{"@type":"WebSite","@id":"https:\/\/fosfeminista.org\/#website","url":"https:\/\/fosfeminista.org\/","name":"F\u00f2s Feminista","description":"","potentialAction":[{"@type":"SearchAction","target":{"@type":"EntryPoint","urlTemplate":"https:\/\/fosfeminista.org\/?s={search_term_string}"},"query-input":{"@type":"PropertyValueSpecification","valueRequired":true,"valueName":"search_term_string"}}],"inLanguage":"es"}]}},"_links":{"self":[{"href":"https:\/\/fosfeminista.org\/es\/wp-json\/wp\/v2\/person\/6291","targetHints":{"allow":["GET"]}}],"collection":[{"href":"https:\/\/fosfeminista.org\/es\/wp-json\/wp\/v2\/person"}],"about":[{"href":"https:\/\/fosfeminista.org\/es\/wp-json\/wp\/v2\/types\/person"}],"version-history":[{"count":3,"href":"https:\/\/fosfeminista.org\/es\/wp-json\/wp\/v2\/person\/6291\/revisions"}],"predecessor-version":[{"id":6310,"href":"https:\/\/fosfeminista.org\/es\/wp-json\/wp\/v2\/person\/6291\/revisions\/6310"}],"wp:featuredmedia":[{"embeddable":true,"href":"https:\/\/fosfeminista.org\/es\/wp-json\/wp\/v2\/media\/6308"}],"wp:attachment":[{"href":"https:\/\/fosfeminista.org\/es\/wp-json\/wp\/v2\/media?parent=6291"}],"curies":[{"name":"wp","href":"https:\/\/api.w.org\/{rel}","templated":true}]}}